{"id":28905,"date":"2021-08-18T17:49:25","date_gmt":"2021-08-18T15:49:25","guid":{"rendered":"https:\/\/day-one.ch\/?page_id=28905"},"modified":"2021-08-18T17:49:25","modified_gmt":"2021-08-18T15:49:25","slug":"vallorbe","status":"publish","type":"page","link":"https:\/\/wp-gadlab.jcloud-ver-jpc.ik-server.com\/dayone\/","title":{"rendered":"Projet Immobilier Vallorbe"},"content":{"rendered":"<p>[et_pb_section fb_built=&#8221;1&#8243; fullwidth=&#8221;on&#8221; admin_label=&#8221;Section en-t\u00eate&#8221; module_id=&#8221;haut-page&#8221; _builder_version=&#8221;4.11.2&#8243; _module_preset=&#8221;default&#8221; global_colors_info=&#8221;{}&#8221;][et_pb_fullwidth_header title=&#8221;R\u00e9alisez votre r\u00eave&#8221; subhead=&#8221;Devenez propri\u00e9taire&#8221; text_orientation=&#8221;center&#8221; header_fullscreen=&#8221;on&#8221; header_scroll_down=&#8221;on&#8221; scroll_down_icon=&#8221;%%2%%&#8221; button_one_text=&#8221;D\u00e8s CHF 295&#8217;000&#8243; button_one_url=&#8221;#visites-3d&#8221; content_orientation=&#8221;bottom&#8221; admin_label=&#8221;Intro vid\u00e9o plein \u00e9cran&#8221; _builder_version=&#8221;4.11.2&#8243; _module_preset=&#8221;default&#8221; title_level=&#8221;h3&#8243; title_font=&#8221;Poppins||||||||&#8221; title_text_align=&#8221;center&#8221; title_font_size=&#8221;1.5em&#8221; content_font=&#8221;Poppins||||||||&#8221; content_text_align=&#8221;center&#8221; content_font_size=&#8221;1.5em&#8221; subhead_font=&#8221;Poppins|800|||||||&#8221; subhead_font_size=&#8221;3em&#8221; subhead_line_height=&#8221;1.2em&#8221; background_enable_color=&#8221;off&#8221; background_video_mp4=&#8221;https:\/\/wp-gadlab.jcloud-ver-jpc.ik-server.com\/dayone\/wp-content\/uploads\/sites\/4\/2021\/10\/DayOne-Exterieur-handbrake.mp4&#8243; background_video_webm=&#8221;https:\/\/wp-gadlab.jcloud-ver-jpc.ik-server.com\/dayone\/wp-content\/uploads\/sites\/4\/2021\/10\/DayOne-Exterieur-handbrake.webm&#8221; allow_player_pause=&#8221;on&#8221; custom_button_one=&#8221;on&#8221; button_one_use_icon=&#8221;off&#8221; animation_style=&#8221;fade&#8221; animation_direction=&#8221;bottom&#8221; subhead_font_size_tablet=&#8221;&#8221; subhead_font_size_phone=&#8221;2em&#8221; subhead_font_size_last_edited=&#8221;on|phone&#8221; subhead_line_height_tablet=&#8221;&#8221; subhead_line_height_phone=&#8221;1em&#8221; subhead_line_height_last_edited=&#8221;on|phone&#8221; custom_css_subtitle=&#8221;margin-bottom: 1.3em;&#8221; title_text_shadow_style=&#8221;preset2&#8243; content_text_shadow_style=&#8221;preset2&#8243; subhead_text_shadow_style=&#8221;preset2&#8243; box_shadow_style_button_one=&#8221;preset3&#8243; box_shadow_spread_button_one=&#8221;-4px&#8221; box_shadow_color_button_one=&#8221;rgba(0,0,0,0.7)&#8221; text_shadow_style=&#8221;preset4&#8243; global_colors_info=&#8221;{}&#8221; title_line_height__hover_enabled=&#8221;off|desktop&#8221; custom_css_button_1_last_edited=&#8221;on|phone&#8221; custom_css_button_1_phone=&#8221;width: 100%;&#8221;]<\/p>\n<h4>Le Day \u00b7 Vallorbe<\/h4>\n<p>[\/et_pb_fullwidth_header][\/et_pb_section][et_pb_section fb_built=&#8221;1&#8243; admin_label=&#8221;Section Slider&#8221; module_id=&#8221;premier-jour&#8221; _builder_version=&#8221;4.10.5&#8243; _module_preset=&#8221;default&#8221; background_color=&#8221;#3c3c3c&#8221; background_enable_image=&#8221;off&#8221; parallax=&#8221;on&#8221; custom_margin=&#8221;0px|0px|0px|0px|false|true&#8221; custom_padding=&#8221;0px|0px|0px|0px|false|true&#8221; global_colors_info=&#8221;{}&#8221;][et_pb_row column_structure=&#8221;1_2,1_2&#8243; _builder_version=&#8221;4.10.8&#8243; _module_preset=&#8221;default&#8221; global_colors_info=&#8221;{}&#8221;][et_pb_column type=&#8221;1_2&#8243; _builder_version=&#8221;4.10.8&#8243; _module_preset=&#8221;default&#8221; global_colors_info=&#8221;{}&#8221;][et_pb_nextend_smart_slider_3 slider=&#8221;8&#8243; _builder_version=&#8221;4.10.8&#8243; _module_preset=&#8221;default&#8221; global_colors_info=&#8221;{}&#8221;][\/et_pb_nextend_smart_slider_3][\/et_pb_column][et_pb_column type=&#8221;1_2&#8243; _builder_version=&#8221;4.10.8&#8243; _module_preset=&#8221;default&#8221; global_colors_info=&#8221;{}&#8221;][et_pb_image src=&#8221;https:\/\/day-one.ch\/wp-content\/uploads\/2021\/09\/Vallorbe_Exterieure_1.jpg&#8221; title_text=&#8221;Vallorbe_Exterieure_1&#8243; show_in_lightbox=&#8221;on&#8221; _builder_version=&#8221;4.10.8&#8243; _module_preset=&#8221;default&#8221; global_colors_info=&#8221;{}&#8221;][\/et_pb_image][\/et_pb_column][\/et_pb_row][\/et_pb_section][et_pb_section fb_built=&#8221;1&#8243; admin_label=&#8221;Section Visites 3D&#8221; module_id=&#8221;visites-3d&#8221; _builder_version=&#8221;4.10.4&#8243; _module_preset=&#8221;default&#8221; global_colors_info=&#8221;{}&#8221;][et_pb_row _builder_version=&#8221;4.9.11&#8243; _module_preset=&#8221;default&#8221; global_colors_info=&#8221;{}&#8221;][et_pb_column type=&#8221;4_4&#8243; _builder_version=&#8221;4.9.11&#8243; _module_preset=&#8221;default&#8221; global_colors_info=&#8221;{}&#8221;][et_pb_text admin_label=&#8221;Titre visite 3D&#8221; _builder_version=&#8221;4.10.7&#8243; _module_preset=&#8221;default&#8221; text_font=&#8221;|300|||||||&#8221; header_3_font=&#8221;||||||||&#8221; text_orientation=&#8221;center&#8221; global_colors_info=&#8221;{}&#8221;]<\/p>\n<h3>Visitez les appartements en 3D<\/h3>\n<p>D\u00e9couvrez les diff\u00e9rents appartements et les plans de tous les lots mis en vente.[\/et_pb_text][\/et_pb_column][\/et_pb_row][et_pb_row column_structure=&#8221;1_3,1_3,1_3&#8243; _builder_version=&#8221;4.10.3&#8243; _module_preset=&#8221;default&#8221; custom_padding=&#8221;0px|||||&#8221; global_colors_info=&#8221;{}&#8221;][et_pb_column type=&#8221;1_3&#8243; _builder_version=&#8221;4.10.3&#8243; _module_preset=&#8221;default&#8221; global_colors_info=&#8221;{}&#8221;][et_pb_blurb title=&#8221;2,5 pi\u00e8ces&#8221; image=&#8221;https:\/\/wp-gadlab.jcloud-ver-jpc.ik-server.com\/dayone\/wp-content\/uploads\/sites\/4\/2021\/09\/Vallorbe_LOT9_4-1.jpg&#8221; admin_label=&#8221;2,5 pi\u00e8ces&#8221; _builder_version=&#8221;4.10.8&#8243; _dynamic_attributes=&#8221;link_option_url&#8221; _module_preset=&#8221;default&#8221; link_option_url=&#8221;@ET-DC@eyJkeW5hbWljIjp0cnVlLCJjb250ZW50IjoicG9zdF9saW5rX3VybF9wYWdlIiwic2V0dGluZ3MiOnsicG9zdF9pZCI6IjI5MDMxIn19@&#8221; global_colors_info=&#8221;{}&#8221;]<\/p>\n<p>A partir de CHF 295\u2019000<\/p>\n<p>[\/et_pb_blurb][\/et_pb_column][et_pb_column type=&#8221;1_3&#8243; _builder_version=&#8221;4.10.3&#8243; _module_preset=&#8221;default&#8221; global_colors_info=&#8221;{}&#8221;][et_pb_blurb title=&#8221;3,5 pi\u00e8ces&#8221; image=&#8221;https:\/\/day-one.ch\/wp-content\/uploads\/2021\/09\/Vallorbe_LOT8_1.jpg&#8221; admin_label=&#8221;3,5 pi\u00e8ces&#8221; _builder_version=&#8221;4.10.8&#8243; _dynamic_attributes=&#8221;link_option_url&#8221; _module_preset=&#8221;default&#8221; link_option_url=&#8221;@ET-DC@eyJkeW5hbWljIjp0cnVlLCJjb250ZW50IjoicG9zdF9saW5rX3VybF9wYWdlIiwic2V0dGluZ3MiOnsicG9zdF9pZCI6IjI5MDM0In19@&#8221; global_colors_info=&#8221;{}&#8221;]<\/p>\n<p>A partir de CHF 475\u2019000<\/p>\n<p>[\/et_pb_blurb][\/et_pb_column][et_pb_column type=&#8221;1_3&#8243; _builder_version=&#8221;4.10.3&#8243; _module_preset=&#8221;default&#8221; global_colors_info=&#8221;{}&#8221;][et_pb_blurb title=&#8221;4,5 pi\u00e8ces&#8221; image=&#8221;https:\/\/day-one.ch\/wp-content\/uploads\/2021\/09\/Vallorbe_LOT10_1.jpg&#8221; admin_label=&#8221;4,5 pi\u00e8ces&#8221; _builder_version=&#8221;4.10.8&#8243; _dynamic_attributes=&#8221;link_option_url&#8221; _module_preset=&#8221;default&#8221; link_option_url=&#8221;@ET-DC@eyJkeW5hbWljIjp0cnVlLCJjb250ZW50IjoicG9zdF9saW5rX3VybF9wYWdlIiwic2V0dGluZ3MiOnsicG9zdF9pZCI6IjI5MDM3In19@&#8221; global_colors_info=&#8221;{}&#8221;]<\/p>\n<p>A partir de CHF 575\u2019000<\/p>\n<p>[\/et_pb_blurb][\/et_pb_column][\/et_pb_row][\/et_pb_section][et_pb_section fb_built=&#8221;1&#8243; fullwidth=&#8221;on&#8221; module_id=&#8221;localisation&#8221; _builder_version=&#8221;4.10.3&#8243; _module_preset=&#8221;default&#8221; global_colors_info=&#8221;{}&#8221;][et_pb_fullwidth_code admin_label=&#8221;Carte en pleine largeur&#8221; _builder_version=&#8221;4.10.7&#8243; _module_preset=&#8221;default&#8221; global_colors_info=&#8221;{}&#8221;]<a href=\"https:\/\/www.google.com\/maps\/place\/46\u00b043'01.6%22N+6\u00b023'57.4%22E\/@46.717099,6.3973363,879m\/data=!3m2!1e3!4b1!4m13!1m6!3m5!1s0x478db404d1bce9af:0x2025e8bfec6b0f01!2sLe+Day!8m2!3d46.71748!4d6.400937!3m5!1s0x0:0x0!7e2!8m2!3d46.7170992!4d6.3992725\" target=\"_blank\" title=\"Ouvrir la carte dans une nouvelle fen\u00eatre...\" rel=\"noopener\"><\/p>\n<div>[leaflet-map lat=46.717518732458814 lng=6.398377418518067 zoom=16]<!-- [et_pb_line_break_holder] -->[leaflet-marker lat=46.71703614742393 lng=6.398084680549801 iconUrl=&#8221;https:\/\/day-one.ch\/wp-content\/uploads\/2021\/08\/icon-map-marker-32.png&#8221;]<pee style=\"text-align:center\"><img loading=\"lazy\" decoding=\"async\" src=\"https:\/\/day-one.ch\/wp-content\/uploads\/2021\/09\/dayone-logo.svg\" width=\"30\" height=\"32\" \/><!\u2013- [et_pb_br_holder] -\u2013><b>Day One<\/b><!\u2013- [et_pb_br_holder] -\u2013>Le premier jour<!\u2013- [et_pb_br_holder] -\u2013><b>\u00bb <\/b><a href=\"https:\/\/www.google.com\/maps\/place\/46\u00b043'01.6%22N+6\u00b023'57.4%22E\/@46.717099,6.3973363,879m\/data=!3m2!1e3!4b1!4m13!1m6!3m5!1s0x478db404d1bce9af:0x2025e8bfec6b0f01!2sLe+Day!8m2!3d46.71748!4d6.400937!3m5!1s0x0:0x0!7e2!8m2!3d46.7170992!4d6.3992725\" target=\"_blank\" title=\"Ouvrir la carte dans une nouvelle fen\u00eatre...\" rel=\"noopener\">Agrandir la carte<\/a><\/pee>[\/leaflet-marker]<\/div>\n<p><\/a><!-- [et_pb_line_break_holder] -->[\/et_pb_fullwidth_code][\/et_pb_section][et_pb_section fb_built=&#8221;1&#8243; fullwidth=&#8221;on&#8221; _builder_version=&#8221;4.10.8&#8243; _module_preset=&#8221;default&#8221; background_image=&#8221;https:\/\/day-one.ch\/wp-content\/uploads\/2021\/09\/Vallorbe_Exterieure_1.jpg&#8221; parallax=&#8221;on&#8221; parallax_method=&#8221;off&#8221; link_option_url=&#8221;https:\/\/www.google.com\/maps\/place\/46\u00b043&#8217;01.6%22N+6\u00b023&#8217;57.4%22E\/@46.717099,6.3973363,879m\/data=!3m2!1e3!4b1!4m13!1m6!3m5!1s0x478db404d1bce9af:0x2025e8bfec6b0f01!2sLe+Day!8m2!3d46.71748!4d6.400937!3m5!1s0x0:0x0!7e2!8m2!3d46.7170992!4d6.3992725&#8243; link_option_url_new_window=&#8221;on&#8221; global_colors_info=&#8221;{}&#8221;][et_pb_fullwidth_header text_orientation=&#8221;center&#8221; admin_label=&#8221;Image Day One en parallaxe&#8221; _builder_version=&#8221;4.10.5&#8243; _module_preset=&#8221;default&#8221; title_font=&#8221;|700|||||||&#8221; subhead_font=&#8221;|||on|||||&#8221; background_enable_color=&#8221;off&#8221; background_color_gradient_direction=&#8221;160deg&#8221; min_height=&#8221;400px&#8221; title_text_shadow_style=&#8221;preset5&#8243; subhead_text_shadow_style=&#8221;preset5&#8243; global_colors_info=&#8221;{}&#8221;][\/et_pb_fullwidth_header][\/et_pb_section][et_pb_section fb_built=&#8221;1&#8243; admin_label=&#8221;Section Texte de description&#8221; module_id=&#8221;description&#8221; _builder_version=&#8221;4.10.1&#8243; _module_preset=&#8221;default&#8221; custom_padding=&#8221;||100px|||&#8221; global_colors_info=&#8221;{}&#8221;][et_pb_row _builder_version=&#8221;4.10.5&#8243; _module_preset=&#8221;default&#8221; global_colors_info=&#8221;{}&#8221;][et_pb_column type=&#8221;4_4&#8243; _builder_version=&#8221;4.10.5&#8243; _module_preset=&#8221;default&#8221; global_colors_info=&#8221;{}&#8221;][et_pb_text admin_label=&#8221;Titre La nature et la ville&#8221; _builder_version=&#8221;4.10.5&#8243; _module_preset=&#8221;default&#8221; text_orientation=&#8221;center&#8221; global_colors_info=&#8221;{}&#8221;]<\/p>\n<h3>La nature et la ville \u00e0 la fois<\/h3>\n<p>Projet Day One \u00b7 Vallorbe<\/p>\n<p>[\/et_pb_text][\/et_pb_column][\/et_pb_row][et_pb_row column_structure=&#8221;1_2,1_2&#8243; _builder_version=&#8221;4.10.5&#8243; _module_preset=&#8221;default&#8221; global_colors_info=&#8221;{}&#8221;][et_pb_column type=&#8221;1_2&#8243; _builder_version=&#8221;4.10.3&#8243; _module_preset=&#8221;default&#8221; global_colors_info=&#8221;{}&#8221;][et_pb_text _builder_version=&#8221;4.10.3&#8243; _module_preset=&#8221;default&#8221; global_colors_info=&#8221;{}&#8221;]<\/p>\n<p>Habiter au calme, dans la verdure, dans une orientation qui suit la course du soleil, tout en pouvant sauter ais\u00e9ment dans un train ou sa voiture pour rejoindre ais\u00e9ment son lieu de travail. Tel est l\u2019atout principal de ce nouveau quartier, lov\u00e9 dans le hameau du Day, \u00e0 une encablure de Vallorbe. Il est historiquement reli\u00e9 \u00e0 Vallorbe et ses infrastructures (magasins, restaurants, \u00e9coles) que l\u2019on peut rejoindre en quelques minutes en voiture, en train ou en bus. Lausanne se trouve \u00e0 42 min en train. D\u00e8s 2022, gr\u00e2ce \u00e0 la reconstruction \u00e0 neuf de la petite gare du Day, le raccordement au RER vaudois sera effectu\u00e9, ce qui signifie qu\u2019une rame partira pour la capitale vaudoise toutes les 30 minutes. Enfin, gr\u00e2ce \u00e0 la nouvelle ligne directe entre Lausanne et Le Brassus, la cadence des trains sera augment\u00e9e en direction de la Vall\u00e9e de Joux.<\/p>\n<p>[\/et_pb_text][\/et_pb_column][et_pb_column type=&#8221;1_2&#8243; _builder_version=&#8221;4.10.3&#8243; _module_preset=&#8221;default&#8221; global_colors_info=&#8221;{}&#8221;][et_pb_image src=&#8221;https:\/\/day-one.ch\/wp-content\/uploads\/2021\/09\/Vallorbe_Exterieure_3.jpg&#8221; title_text=&#8221;Vallorbe_Exterieure_3&#8243; show_in_lightbox=&#8221;on&#8221; _builder_version=&#8221;4.10.8&#8243; _module_preset=&#8221;default&#8221; box_shadow_style=&#8221;preset3&#8243; global_colors_info=&#8221;{}&#8221;][\/et_pb_image][\/et_pb_column][\/et_pb_row][et_pb_row column_structure=&#8221;1_2,1_2&#8243; _builder_version=&#8221;4.10.3&#8243; _module_preset=&#8221;default&#8221; global_colors_info=&#8221;{}&#8221;][et_pb_column type=&#8221;1_2&#8243; _builder_version=&#8221;4.10.3&#8243; _module_preset=&#8221;default&#8221; global_colors_info=&#8221;{}&#8221;][et_pb_image src=&#8221;https:\/\/day-one.ch\/wp-content\/uploads\/2021\/09\/Vallorbe_Exterieure_4.jpg&#8221; title_text=&#8221;Vallorbe_Exterieure_4&#8243; show_in_lightbox=&#8221;on&#8221; _builder_version=&#8221;4.10.8&#8243; _module_preset=&#8221;default&#8221; box_shadow_style=&#8221;preset3&#8243; global_colors_info=&#8221;{}&#8221;][\/et_pb_image][\/et_pb_column][et_pb_column type=&#8221;1_2&#8243; _builder_version=&#8221;4.10.3&#8243; _module_preset=&#8221;default&#8221; global_colors_info=&#8221;{}&#8221;][et_pb_text _builder_version=&#8221;4.11.4&#8243; _module_preset=&#8221;default&#8221; hover_enabled=&#8221;0&#8243; global_colors_info=&#8221;{}&#8221; sticky_enabled=&#8221;0&#8243;]Quartier d\u2019habitation, Day One proposera quelques surfaces commerciales pour accueillir des commerces de proximit\u00e9 (\u00e9picerie, boulangerie, kiosque ou des services \u00e0 la personne). A l\u2019ext\u00e9rieur, la priorit\u00e9 est donn\u00e9e aux espaces verts et aux places de jeux pour les enfants. A l\u2019exception des v\u00e9hicules de passage (visiteurs, clients, services communaux), le quartier est d\u00e9di\u00e9 aux pi\u00e9tons, avec l\u2019ensemble des v\u00e9hicules des habitants rang\u00e9s dans le vaste parking souterrain. Plusieurs parkings \u00e0 v\u00e9los sont pr\u00e9vus en surface. Les 15 appartements de l&#8217;immeuble E (le plus \u00e0 l&#8217;ouest) sont propos\u00e9s \u00e0 la vente. Les appartements des immeubles A, B, C et D seront propos\u00e9s \u00e0 la location d\u00e8s la fin 2022.[\/et_pb_text][\/et_pb_column][\/et_pb_row][et_pb_row column_structure=&#8221;1_2,1_2&#8243; _builder_version=&#8221;4.10.3&#8243; _module_preset=&#8221;default&#8221; custom_padding=&#8221;||0px|||&#8221; global_colors_info=&#8221;{}&#8221;][et_pb_column type=&#8221;1_2&#8243; _builder_version=&#8221;4.10.3&#8243; _module_preset=&#8221;default&#8221; global_colors_info=&#8221;{}&#8221;][et_pb_text _builder_version=&#8221;4.10.3&#8243; _module_preset=&#8221;default&#8221; global_colors_info=&#8221;{}&#8221;]<\/p>\n<p>Une architecture audacieuse et inventive permet d\u2019offrir une double orientation \u00e0 tous les appartements. L\u2019implantation des immeubles suit la course du soleil. Les grands appartements (3,5p et 4,5p) disposent d\u2019un WC visiteur. Les 4,5 pi\u00e8ces sont \u00e9quip\u00e9s de deux salles de bain. Tous les appartements vendus en PPE sont pr\u00e9-\u00e9quip\u00e9s pour accueillir une colonne de lavage. Sous les combles, la pi\u00e8ce centrale est ouverte jusqu\u2019au faite. Les logements sont pr\u00e9vus pour accueillir des personnes \u00e0 mobilit\u00e9 r\u00e9duite (largeur des portes et couloirs).<\/p>\n<p>[\/et_pb_text][\/et_pb_column][et_pb_column type=&#8221;1_2&#8243; _builder_version=&#8221;4.10.3&#8243; _module_preset=&#8221;default&#8221; global_colors_info=&#8221;{}&#8221;][et_pb_image src=&#8221;https:\/\/day-one.ch\/wp-content\/uploads\/2021\/09\/Vallorbe_Exterieure_6.jpg&#8221; title_text=&#8221;Vallorbe_Exterieure_6&#8243; show_in_lightbox=&#8221;on&#8221; _builder_version=&#8221;4.10.8&#8243; _module_preset=&#8221;default&#8221; box_shadow_style=&#8221;preset3&#8243; global_colors_info=&#8221;{}&#8221;][\/et_pb_image][\/et_pb_column][\/et_pb_row][\/et_pb_section][et_pb_section fb_built=&#8221;1&#8243; fullwidth=&#8221;on&#8221; _builder_version=&#8221;4.10.8&#8243; _module_preset=&#8221;default&#8221; background_image=&#8221;https:\/\/day-one.ch\/wp-content\/uploads\/2021\/09\/Vallorbe_Exterieure_6.jpg&#8221; parallax=&#8221;on&#8221; parallax_method=&#8221;off&#8221; link_option_url=&#8221;https:\/\/www.google.com\/maps\/place\/46\u00b043&#8217;01.6%22N+6\u00b023&#8217;57.4%22E\/@46.717099,6.3973363,879m\/data=!3m2!1e3!4b1!4m13!1m6!3m5!1s0x478db404d1bce9af:0x2025e8bfec6b0f01!2sLe+Day!8m2!3d46.71748!4d6.400937!3m5!1s0x0:0x0!7e2!8m2!3d46.7170992!4d6.3992725&#8243; link_option_url_new_window=&#8221;on&#8221; global_colors_info=&#8221;{}&#8221;][et_pb_fullwidth_header text_orientation=&#8221;center&#8221; admin_label=&#8221;Image Day One en parallaxe&#8221; _builder_version=&#8221;4.10.5&#8243; _module_preset=&#8221;default&#8221; title_font=&#8221;|700|||||||&#8221; subhead_font=&#8221;|||on|||||&#8221; background_enable_color=&#8221;off&#8221; background_color_gradient_direction=&#8221;160deg&#8221; min_height=&#8221;400px&#8221; title_text_shadow_style=&#8221;preset5&#8243; subhead_text_shadow_style=&#8221;preset5&#8243; global_colors_info=&#8221;{}&#8221;][\/et_pb_fullwidth_header][\/et_pb_section][et_pb_section fb_built=&#8221;1&#8243; admin_label=&#8221;Section globale de bas de page&#8221; module_id=&#8221;coordinatrice-ventes&#8221; _builder_version=&#8221;4.10.8&#8243; _module_preset=&#8221;default&#8221; background_color=&#8221;#3c3c3c&#8221; background_enable_image=&#8221;off&#8221; background_size=&#8221;contain&#8221; background_position=&#8221;bottom_right&#8221; custom_margin=&#8221;||0px||false|false&#8221; custom_padding=&#8221;||0px||false|false&#8221; global_module=&#8221;29169&#8243; collapsed=&#8221;off&#8221; global_colors_info=&#8221;{}&#8221;][et_pb_row column_structure=&#8221;1_4,1_4,1_4,1_4&#8243; use_custom_gutter=&#8221;on&#8221; make_equal=&#8221;on&#8221; _builder_version=&#8221;4.10.8&#8243; _module_preset=&#8221;default&#8221; positioning=&#8221;none&#8221; module_alignment=&#8221;center&#8221; global_colors_info=&#8221;{}&#8221;][et_pb_column type=&#8221;1_4&#8243; module_class=&#8221;column-align-bottom&#8221; _builder_version=&#8221;4.10.8&#8243; _module_preset=&#8221;default&#8221; custom_css_main_element=&#8221;margin: auto auto 0;&#8221; global_colors_info=&#8221;{}&#8221;][et_pb_image src=&#8221;https:\/\/day-one.ch\/wp-content\/uploads\/2021\/08\/portrait-melanie_clerc-800&#215;800-1.jpg&#8221; alt=&#8221;Coordinatrice des ventes \u00b7 M\u00e9lanie Clerc \u00b7 079 904 31 29&#8243; title_text=&#8221;portrait-melanie_clerc-800&#215;800&#8243; show_in_lightbox=&#8221;on&#8221; align=&#8221;center&#8221; admin_label=&#8221;Portrait M\u00e9lanie&#8221; _builder_version=&#8221;4.10.8&#8243; _module_preset=&#8221;default&#8221; position_origin_a=&#8221;bottom_center&#8221; width=&#8221;100%&#8221; global_colors_info=&#8221;{}&#8221;][\/et_pb_image][\/et_pb_column][et_pb_column type=&#8221;1_4&#8243; module_class=&#8221;column-align-bottom&#8221; _builder_version=&#8221;4.10.8&#8243; _module_preset=&#8221;default&#8221; custom_css_main_element=&#8221;margin: auto auto 0;&#8221; global_colors_info=&#8221;{}&#8221;][et_pb_text admin_label=&#8221;coordonn\u00e9es&#8221; module_class=&#8221;light-links light-text&#8221; _builder_version=&#8221;4.10.8&#8243; _module_preset=&#8221;default&#8221; global_colors_info=&#8221;{}&#8221;]<\/p>\n<p>DIRECTRICE DES VENTES<\/p>\n<h2>M\u00e9lanie Clerc<\/h2>\n<p><i class=\"fas fa-paper-plane\"><\/i> <a title=\"Envoyer un email \u00e0 M\u00e9lanie...\" href=\"mailto:hello@kiiz.ch?subject=Le%20projet%20Day%20One%20m\u2019int\u00e9resse&amp;body=Ch\u00e8re%20Madame,%0D%0A%20%0D%0AJe%20m\u2019int\u00e9resse%20\u00e0%20l\u2019un%20des%20appartements%20en%20vente%20au%20Day.%20%0D%0A%0D%0APourriez-vous%20me%20lancer%20un%20coup%20de%20fil%20au%20*votre%20num\u00e9ro%20de%20t\u00e9l\u00e9phone*%20\u00e0%20votre%20meilleure%20convenance.%20%0D%0A%0D%0AAvec%20mes%20meilleures%20salutations,%20%0D%0A%0D%0A*Votre nom*\" target=\"_blank\" rel=\"noopener\">hello@kiiz.ch<\/a><br \/><i class=\"fas fa-phone\"><\/i> <a title=\"Appelez M\u00e9lanie Clerc...\" href=\"tel:+41244202160\">024 420 21 60<\/a><\/p>\n<p>[\/et_pb_text][\/et_pb_column][et_pb_column type=&#8221;1_4&#8243; module_class=&#8221;column-align-bottom&#8221; _builder_version=&#8221;4.10.8&#8243; _module_preset=&#8221;default&#8221; custom_css_main_element=&#8221;margin: auto auto 0;&#8221; global_colors_info=&#8221;{}&#8221;][et_pb_image src=&#8221;https:\/\/day-one.ch\/wp-content\/uploads\/2021\/10\/kiiz-logo-white.svg&#8221; title_text=&#8221;kiiz-logo-white&#8221; url=&#8221;https:\/\/kiiz.ch\/&#8221; url_new_window=&#8221;on&#8221; show_bottom_space=&#8221;off&#8221; align=&#8221;center&#8221; admin_label=&#8221;Logo Kiiz&#8221; module_class=&#8221;module-align-bottom&#8221; _builder_version=&#8221;4.11.2&#8243; _module_preset=&#8221;default&#8221; position_origin_a=&#8221;bottom_center&#8221; width=&#8221;100%&#8221; module_alignment=&#8221;center&#8221; global_colors_info=&#8221;{}&#8221;][\/et_pb_image][\/et_pb_column][et_pb_column type=&#8221;1_4&#8243; module_class=&#8221;column-align-bottom&#8221; _builder_version=&#8221;4.10.8&#8243; _module_preset=&#8221;default&#8221; custom_css_main_element=&#8221;margin: auto auto 0;&#8221; global_colors_info=&#8221;{}&#8221;][et_pb_image src=&#8221;https:\/\/day-one.ch\/wp-content\/uploads\/2021\/10\/Orllati-logo-white.svg&#8221; title_text=&#8221;Orllati-logo-white&#8221; url=&#8221;https:\/\/www.orllati.ch\/&#8221; url_new_window=&#8221;on&#8221; show_bottom_space=&#8221;off&#8221; align=&#8221;center&#8221; admin_label=&#8221;Logo Orllati&#8221; _builder_version=&#8221;4.11.2&#8243; _module_preset=&#8221;default&#8221; position_origin_a=&#8221;bottom_center&#8221; width=&#8221;100%&#8221; module_alignment=&#8221;center&#8221; min_height=&#8221;168px&#8221; global_colors_info=&#8221;{}&#8221;][\/et_pb_image][\/et_pb_column][\/et_pb_row][et_pb_row admin_label=&#8221;Row&#8221; _builder_version=&#8221;4.10.8&#8243; _module_preset=&#8221;default&#8221; custom_margin=&#8221;0px||||false|false&#8221; custom_padding=&#8221;0px||||false|false&#8221; global_colors_info=&#8221;{}&#8221;][et_pb_column type=&#8221;4_4&#8243; _builder_version=&#8221;4.10.1&#8243; _module_preset=&#8221;default&#8221; global_colors_info=&#8221;{}&#8221;][et_pb_text admin_label=&#8221;Notice groupe Orlatti&#8221; module_class=&#8221;gray-links&#8221; _builder_version=&#8221;4.10.8&#8243; _module_preset=&#8221;default&#8221; global_colors_info=&#8221;{}&#8221;]<\/p>\n<p style=\"text-align: center\">Le projet <strong>Day One<\/strong> est d\u00e9velopp\u00e9 par le <a href=\"http:\/\/orllati.ch\/\" target=\"_blank\" rel=\"noopener\">Groupe Orllati<\/a>.<br \/>Ce site fournit des informations pr\u00e9cises et fiables, mais seul l\u2019acte notari\u00e9 fait foi.<\/p>\n<p>[\/et_pb_text][\/et_pb_column][\/et_pb_row][\/et_pb_section]<\/p>\n","protected":false},"excerpt":{"rendered":"<p>Le Day \u00b7 Vallorbe[et_pb_nextend_smart_slider_3 slider=&#8221;8&#8243; _builder_version=&#8221;4.10.8&#8243; _module_preset=&#8221;default&#8221; global_colors_info=&#8221;{}&#8221;][\/et_pb_nextend_smart_slider_3]Visitez les appartements en 3D D\u00e9couvrez les diff\u00e9rents appartements et les plans de tous les lots mis en vente.A partir de CHF 295\u2019000A partir de CHF 475\u2019000A partir de CHF 575\u2019000[leaflet-map lat=46.717518732458814 lng=6.398377418518067 zoom=16][leaflet-marker lat=46.71703614742393 lng=6.398084680549801 iconUrl=&#8221;https:\/\/day-one.ch\/wp-content\/uploads\/2021\/08\/icon-map-marker-32.png&#8221;]Day OneLe premier jour\u00bb Agrandir la carte[\/leaflet-marker]La nature et la ville \u00e0 [&hellip;]<\/p>\n","protected":false},"author":3,"featured_media":29903,"parent":0,"menu_order":0,"comment_status":"closed","ping_status":"closed","template":"","meta":{"_et_pb_use_builder":"on","_et_pb_old_content":"","_et_gb_content_width":"","footnotes":""},"class_list":["post-28905","page","type-page","status-publish","has-post-thumbnail","hentry"],"_links":{"self":[{"href":"https:\/\/wp-gadlab.jcloud-ver-jpc.ik-server.com\/dayone\/wp-json\/wp\/v2\/pages\/28905","targetHints":{"allow":["GET"]}}],"collection":[{"href":"https:\/\/wp-gadlab.jcloud-ver-jpc.ik-server.com\/dayone\/wp-json\/wp\/v2\/pages"}],"about":[{"href":"https:\/\/wp-gadlab.jcloud-ver-jpc.ik-server.com\/dayone\/wp-json\/wp\/v2\/types\/page"}],"author":[{"embeddable":true,"href":"https:\/\/wp-gadlab.jcloud-ver-jpc.ik-server.com\/dayone\/wp-json\/wp\/v2\/users\/3"}],"replies":[{"embeddable":true,"href":"https:\/\/wp-gadlab.jcloud-ver-jpc.ik-server.com\/dayone\/wp-json\/wp\/v2\/comments?post=28905"}],"version-history":[{"count":0,"href":"https:\/\/wp-gadlab.jcloud-ver-jpc.ik-server.com\/dayone\/wp-json\/wp\/v2\/pages\/28905\/revisions"}],"wp:featuredmedia":[{"embeddable":true,"href":"https:\/\/wp-gadlab.jcloud-ver-jpc.ik-server.com\/dayone\/wp-json\/wp\/v2\/media\/29903"}],"wp:attachment":[{"href":"https:\/\/wp-gadlab.jcloud-ver-jpc.ik-server.com\/dayone\/wp-json\/wp\/v2\/media?parent=28905"}],"curies":[{"name":"wp","href":"https:\/\/api.w.org\/{rel}","templated":true}]}}